{"id":623,"date":"2024-02-06T12:32:52","date_gmt":"2024-02-06T11:32:52","guid":{"rendered":"https:\/\/www.temis-hotel.com\/general-terms-of-sale\/"},"modified":"2025-01-09T17:46:16","modified_gmt":"2025-01-09T16:46:16","slug":"general-terms-of-sale","status":"publish","type":"page","link":"https:\/\/www.temis-hotel.com\/en\/general-terms-of-sale\/","title":{"rendered":"General Terms of Sale"},"content":{"rendered":"\n<div class=\"wp-block-group my-5 pb-lg-5 is-layout-constrained wp-block-group-is-layout-constrained\">\n<h1 class=\"wp-block-heading mb-4\" style=\"text-transform:uppercase\">Conditions G\u00e9n\u00e9rales de Vente (FR)<\/h1>\n\n\n\n<p>Les pr\u00e9sentes conditions g\u00e9n\u00e9rales de vente s\u2019appliquent dans leur int\u00e9gralit\u00e9 pour toute r\u00e9servation effectu\u00e9e directement aupr\u00e8s de la r\u00e9ception, ou par courrier, par t\u00e9l\u00e9phone, par fax ou par internet.<\/p>\n\n\n\n<section class=\"wp-block-group is-layout-constrained wp-block-group-is-layout-constrained\">\n<h2 class=\"wp-block-heading has-long-arrow-left\" style=\"font-style:normal;font-weight:400;text-decoration:underline;text-transform:uppercase\"><strong>TARIF &amp; TAXE DE S\u00c9JOUR<\/strong><\/h2>\n\n\n\n<p style=\"text-transform:none\">Les prix des chambres s\u2019entendent TVA comprise et hors taxe de s\u00e9jour. Ils sont exprim\u00e9s en Euros. La taxe de s\u00e9jour, qui est obligatoire et s\u2019applique \u00e0 tous les touristes, est fix\u00e9e par le conseil municipal et est recouvr\u00e9e par l\u2019h\u00f4telier. Son montant est consultable aupr\u00e8s de la r\u00e9ception de l\u2019h\u00f4tel.    <\/p>\n\n\n\n<p>Le prix des chambres doubles correspond \u00e0 une chambre occup\u00e9e par une ou deux personnes.<\/p>\n\n\n\n<p>Les petits d\u00e9jeuners et les extras sont en suppl\u00e9ment et payables \u00e0 la r\u00e9ception. <\/p>\n\n\n\n<p style=\"text-transform:none\">Nos tarifs sont susceptibles d\u2019\u00eatre r\u00e9vis\u00e9s une fois par an et doivent \u00eatre confirm\u00e9s au moment de la r\u00e9servation.<\/p>\n<\/section>\n\n\n\n<section class=\"wp-block-group is-layout-constrained wp-block-group-is-layout-constrained\">\n<h2 class=\"wp-block-heading has-long-arrow-left\" style=\"font-style:normal;font-weight:400;text-decoration:underline;text-transform:uppercase\"><strong>R\u00c9SERVATION<\/strong><\/h2>\n\n\n\n<p style=\"text-transform:none\">Toute r\u00e9servation devra \u00eatre garantie par un num\u00e9ro de carte bancaire valide et faire l\u2019objet d\u2019une confirmation \u00e9crite de notre part (par courrier, courriel ou fax). Une demande de pr\u00e9-autorisation pourra \u00eatre effectu\u00e9e sur cette carte. En cas de communication de donn\u00e9es erron\u00e9es, la r\u00e9servation sera annul\u00e9e de droit.  <\/p>\n<\/section>\n\n\n\n<section class=\"wp-block-group is-layout-constrained wp-block-group-is-layout-constrained\">\n<h2 class=\"wp-block-heading has-long-arrow-left\" style=\"font-style:normal;font-weight:400;text-decoration:underline;text-transform:uppercase\"><strong>H\u00c9BERGEMENT<\/strong><\/h2>\n\n\n\n<p style=\"text-transform:none\">L\u2019\u00e9tablissement est enti\u00e8rement non fumeur.<\/p>\n\n\n\n<p>Les chambres sont mises \u00e0 disposition des clients \u00e0 14 heures le jour de leur arriv\u00e9e. Elles doivent \u00eatre lib\u00e9r\u00e9es \u00e0 11 heures le jour du d\u00e9part. <\/p>\n\n\n\n<p>Toute d\u00e9gradation faite par le client lors de son s\u00e9jour sera factur\u00e9e, de m\u00eame que la perte \u00e9ventuelle des cl\u00e9s mises \u00e0 sa disposition.<\/p>\n\n\n\n<p>L\u2019h\u00f4tel ne pourra \u00eatre tenu responsable de vol, perte ou d\u00e9t\u00e9rioration de bagages entrepos\u00e9s par les clients dans les parties communes de l\u2019h\u00f4tel, dans la chambre non ferm\u00e9e \u00e0 clef ou dans la voiture sur le parking.<\/p>\n\n\n\n<p>Les petits animaux sont accept\u00e9s et font l\u2019objet d\u2019un suppl\u00e9ment de 7 Euros par jour.<\/p>\n\n\n\n<p style=\"text-transform:none\">La consommation de nourriture et boissons autres que celles fournies par l\u2019h\u00f4tel est interdite.<\/p>\n<\/section>\n\n\n\n<section class=\"wp-block-group is-layout-constrained wp-block-group-is-layout-constrained\">\n<h2 class=\"wp-block-heading has-long-arrow-left\" style=\"font-style:normal;font-weight:400;text-decoration:underline;text-transform:uppercase\"><strong>MODIFICATION<\/strong><\/h2>\n\n\n\n<p style=\"text-transform:none\">Toute modification de r\u00e9servation doit faire l\u2019objet d\u2019une demande \u00e9crite (courrier, courriel, fax) de la part du client. L\u2019h\u00f4tel doit \u00e9galement confirmer son acceptation par \u00e9crit et se r\u00e9serve le droit d\u2019annuler la r\u00e9servation en cas de d\u00e9saccord.  <\/p>\n\n\n\n<p style=\"text-transform:none\">TEMIS H\u00d6TEL ne peut assumer aucune responsabilit\u00e9 quant aux modifications effectu\u00e9es par voie t\u00e9l\u00e9phonique.<\/p>\n<\/section>\n\n\n\n<section class=\"wp-block-group is-layout-constrained wp-block-group-is-layout-constrained\">\n<h2 class=\"wp-block-heading has-long-arrow-left\" style=\"font-style:normal;font-weight:400;text-decoration:underline;text-transform:uppercase\"><strong>ANNULATION<\/strong><\/h2>\n\n\n\n<p style=\"text-transform:none\">L\u2019annulation d\u2019une r\u00e9servation sera sans frais si elle est effectu\u00e9e au moins 1 jour avant la date pr\u00e9vue de l\u2019arriv\u00e9e (avant midi). Pass\u00e9 ce d\u00e9lai, la premi\u00e8re nuit sera factur\u00e9e et d\u00e9bit\u00e9e sur la carte bancaire donn\u00e9e en garantie. <\/p>\n\n\n\n<p style=\"text-transform:none\">Toute demande d\u2019annulation de r\u00e9servation doit faire l\u2019objet d\u2019une demande \u00e9crite (courrier, courriel, fax) de la part du client. TEMIS H\u00d6TEL ne peut assumer aucune responsabilit\u00e9 quant aux annulations faites par voie t\u00e9l\u00e9phonique. <\/p>\n<\/section>\n\n\n\n<section class=\"wp-block-group is-layout-constrained wp-block-group-is-layout-constrained\">\n<h2 class=\"wp-block-heading has-long-arrow-left\" style=\"font-style:normal;font-weight:400;text-decoration:underline;text-transform:uppercase\"><strong>NO SHOW (non pr\u00e9sentation)<\/strong><\/h2>\n\n\n\n<p style=\"text-transform:none\">En cas de non pr\u00e9sentation du client le jour pr\u00e9vu de son arriv\u00e9e, la premi\u00e8re nuit sera factur\u00e9e et d\u00e9bit\u00e9e sur la carte bancaire donn\u00e9e en garantie.<\/p>\n\n\n\n<p style=\"text-transform:none\">De plus, sans nouvelle de la part du client, la r\u00e9servation sera automatiquement annul\u00e9e \u00e0 midi le lendemain du jour pr\u00e9vu d\u2019arriv\u00e9e.<\/p>\n<\/section>\n\n\n\n<section class=\"wp-block-group is-layout-constrained wp-block-group-is-layout-constrained\">\n<h2 class=\"wp-block-heading has-long-arrow-left\" style=\"font-style:normal;font-weight:400;text-decoration:underline;text-transform:uppercase\"><strong>D\u00c9PART ANTICIP\u00c9<\/strong><\/h2>\n\n\n\n<p style=\"text-transform:none\">En cas d\u2019interruption de s\u00e9jour, un montant \u00e9quivalent \u00e0 une nuit\u00e9e sera factur\u00e9 \u00e0 titre d\u2019indemnisation.<\/p>\n<\/section>\n\n\n\n<section class=\"wp-block-group is-layout-constrained wp-block-group-is-layout-constrained\">\n<h2 class=\"wp-block-heading has-long-arrow-left\" style=\"font-style:normal;font-weight:400;text-decoration:underline;text-transform:uppercase\"><strong>R\u00c9SILIATION<\/strong><\/h2>\n\n\n\n<p style=\"text-transform:none\">Le contrat de r\u00e9servation pourra \u00eatre r\u00e9sili\u00e9 de plein droit par l\u2019h\u00f4telier, sans que le client ne puisse pr\u00e9tendre \u00e0 une quelconque indemnit\u00e9, en cas d\u2019\u00e9v\u00e9nements constitutifs d\u2019un cas de force majeure, ou en cas d\u2019 impossibilit\u00e9 d\u2019exploitation de l\u2019h\u00f4tel conform\u00e9ment aux normes h\u00f4teli\u00e8res commun\u00e9ment admises, pour une cause ind\u00e9pendante de la volont\u00e9 de l\u2019h\u00f4telier ou \u00e9chappant \u00e0 son contr\u00f4le (incident technique interne ou externe ne permettant pas la bonne ex\u00e9cution du service, etc.), notamment en cas de retard d\u2019 ouverture ou de non ouverture (catastrophe naturelle, route ferm\u00e9e), ainsi, qu\u2019en cas de mauvaise conduite du client qui nuirait \u00e0 l\u2019exploitation de l\u2019h\u00f4tel ou porterait atteinte \u00e0 la r\u00e9putation ou \u00e0 la s\u00e9curit\u00e9 de l\u2019\u00e9tablissement.<\/p>\n<\/section>\n\n\n\n<section class=\"wp-block-group is-layout-constrained wp-block-group-is-layout-constrained\">\n<h2 class=\"wp-block-heading has-long-arrow-left\" style=\"font-style:normal;font-weight:400;text-decoration:underline;text-transform:uppercase\"><strong>ENVOI DE FACTURE<\/strong><\/h2>\n\n\n\n<p style=\"text-transform:none\">Un envoi de facture est possible \u2013 sous r\u00e9serve d\u2019ouverture de compte pour la soci\u00e9t\u00e9 par l\u2019h\u00f4telier &#8211; sur demande \u00e9crite (courrier, courriel, fax) uniquement.<\/p>\n\n\n\n<p style=\"margin-bottom:0\">Cette demande doit \u00eatre effectu\u00e9e avant l\u2019arriv\u00e9e du client et comporter les \u00e9l\u00e9ments suivants :<\/p>\n\n\n\n<ul style=\"margin-top:0\" class=\"wp-block-list\">\n<li>Le nom de la soci\u00e9t\u00e9 (et\/ou la raison sociale)<\/li>\n\n\n\n<li>Le service ou la personne \u00e0 qui la facture doit \u00eatre adress\u00e9e <\/li>\n\n\n\n<li>L\u2019adresse exacte de facturation<\/li>\n\n\n\n<li>Les services qui sont pris en charge par la soci\u00e9t\u00e9 (ex. : chambre uniquement, chambre et petit d\u00e9jeuner,\u2026).<\/li>\n<\/ul>\n<\/section>\n\n\n\n<section class=\"wp-block-group is-layout-constrained wp-block-group-is-layout-constrained\">\n<h2 class=\"wp-block-heading has-long-arrow-left\" style=\"font-style:normal;font-weight:400;text-decoration:underline;text-transform:uppercase\"><strong>LITIGE &amp; JURIDICTION<\/strong><\/h2>\n\n\n\n<p style=\"text-transform:none\">Tout litige qui n\u2019aura pu \u00eatre r\u00e9gl\u00e9 \u00e0 l\u2019amiable, relatif \u00e0 la validit\u00e9, l\u2019interpr\u00e9tation, l\u2019ex\u00e9cution du pr\u00e9sent contrat sera soumis \u00e0 l\u2019appr\u00e9ciation du tribunal dans le ressort duquel est situ\u00e9 l\u2019h\u00f4tel.<\/p>\n<\/section>\n<\/div>\n","protected":false},"excerpt":{"rendered":"<p>Conditions G\u00e9n\u00e9rales de Vente (FR) Les pr\u00e9sentes conditions g\u00e9n\u00e9rales de vente s\u2019appliquent dans leur int\u00e9gralit\u00e9 pour toute r\u00e9servation effectu\u00e9e directement aupr\u00e8s de la r\u00e9ception, ou par courrier, par t\u00e9l\u00e9phone, par fax ou par internet. TARIF &amp; TAXE DE S\u00c9JOUR Les prix des chambres s\u2019entendent TVA comprise et hors taxe de s\u00e9jour. Ils sont exprim\u00e9s en [&hellip;]<\/p>\n","protected":false},"author":6,"featured_media":0,"parent":0,"menu_order":0,"comment_status":"closed","ping_status":"closed","template":"","meta":{"_acf_changed":false,"footnotes":""},"class_list":["post-623","page","type-page","status-publish","hentry"],"acf":[],"_links":{"self":[{"href":"https:\/\/www.temis-hotel.com\/en\/wp-json\/wp\/v2\/pages\/623","targetHints":{"allow":["GET"]}}],"collection":[{"href":"https:\/\/www.temis-hotel.com\/en\/wp-json\/wp\/v2\/pages"}],"about":[{"href":"https:\/\/www.temis-hotel.com\/en\/wp-json\/wp\/v2\/types\/page"}],"author":[{"embeddable":true,"href":"https:\/\/www.temis-hotel.com\/en\/wp-json\/wp\/v2\/users\/6"}],"replies":[{"embeddable":true,"href":"https:\/\/www.temis-hotel.com\/en\/wp-json\/wp\/v2\/comments?post=623"}],"version-history":[{"count":4,"href":"https:\/\/www.temis-hotel.com\/en\/wp-json\/wp\/v2\/pages\/623\/revisions"}],"predecessor-version":[{"id":655,"href":"https:\/\/www.temis-hotel.com\/en\/wp-json\/wp\/v2\/pages\/623\/revisions\/655"}],"wp:attachment":[{"href":"https:\/\/www.temis-hotel.com\/en\/wp-json\/wp\/v2\/media?parent=623"}],"curies":[{"name":"wp","href":"https:\/\/api.w.org\/{rel}","templated":true}]}}